{"id":10083,"date":"2021-09-15T13:21:10","date_gmt":"2021-09-15T17:21:10","guid":{"rendered":"https:\/\/convention.ffa.org\/?page_id=10083"},"modified":"2026-01-08T12:33:12","modified_gmt":"2026-01-08T17:33:12","slug":"national-ffa-expo-and-shopffa-mega-store","status":"publish","type":"page","link":"https:\/\/convention.ffa.org\/espanol\/national-ffa-expo-and-shopffa-mega-store\/","title":{"rendered":"Exposici\u00f3n Nacional de la FFA y Mega Tienda ShopFFA"},"content":{"rendered":"<p><div class=\"fusion-fullwidth fullwidth-box fusion-builder-row-1 fusion-flex-container has-pattern-background has-mask-background nonhundred-percent-fullwidth non-hundred-percent-height-scrolling\" style=\"--awb-border-radius-top-left:0px;--awb-border-radius-top-right:0px;--awb-border-radius-bottom-right:0px;--awb-border-radius-bottom-left:0px;--awb-padding-right:50px;--awb-padding-bottom:0px;--awb-padding-left:50px;--awb-margin-top:3%;--awb-flex-wrap:wrap;\" ><div class=\"fusion-builder-row fusion-row fusion-flex-align-items-flex-start fusion-flex-content-wrap\" style=\"max-width:1456px;margin-left: calc(-4% \/ 2 );margin-right: calc(-4% \/ 2 );\"><div class=\"fusion-layout-column fusion_builder_column fusion-builder-column-0 fusion_builder_column_1_1 1_1 fusion-flex-column fusion-flex-align-self-flex-start fusion-column-no-min-height\" style=\"--awb-bg-size:cover;--awb-width-large:100%;--awb-margin-top-large:0px;--awb-spacing-right-large:1.92%;--awb-margin-bottom-large:0px;--awb-spacing-left-large:1.92%;--awb-width-medium:100%;--awb-order-medium:0;--awb-spacing-right-medium:1.92%;--awb-spacing-left-medium:1.92%;--awb-width-small:100%;--awb-order-small:0;--awb-spacing-right-small:1.92%;--awb-spacing-left-small:1.92%;\"><div class=\"fusion-column-wrapper fusion-column-has-shadow fusion-flex-justify-content-flex-start fusion-content-layout-column\"><div class=\"fusion-title title fusion-title-1 fusion-sep-none fusion-title-text fusion-title-size-three\" style=\"--awb-margin-top-small:0px;--awb-margin-right-small:0px;--awb-margin-bottom-small:2%;--awb-margin-left-small:0px;\"><h3 class=\"fusion-title-heading title-heading-left fusion-responsive-typography-calculated\" style=\"font-family:var(--awb-typography1-font-family);font-weight:var(--awb-typography1-font-weight);font-style:var(--awb-typography1-font-style);margin:0;text-transform:uppercase;--fontSize:62;line-height:1.03;\">Exposici\u00f3n y centro comercial<\/h3><\/div><div class=\"fusion-text fusion-text-1 fusion-text-no-margin\" style=\"--awb-margin-bottom:30px;--awb-text-font-family:&quot;Montserrat&quot;;--awb-text-font-style:normal;--awb-text-font-weight:400;\"><div>Convi\u00e9rtase en expositor en la Convenci\u00f3n y Exposici\u00f3n Nacional de la FFA y muestre su organizaci\u00f3n en uno de los mayores eventos de liderazgo juvenil del pa\u00eds.<\/p>\n<\/div>\n<div>Con m\u00e1s de 73.000 asistentes previstos, la exposici\u00f3n ofrece un acceso inigualable a miembros de la FFA, educadores, asesores y l\u00edderes del sector de todo el pa\u00eds. Los expositores representan una amplia gama de sectores, incluyendo la agricultura, colegios y universidades, y los fabricantes de autom\u00f3viles y camiones, la creaci\u00f3n de un entorno din\u00e1mico para la creaci\u00f3n de redes, la contrataci\u00f3n, y la visibilidad de la marca.<\/p>\n<\/div>\n<div>La exposici\u00f3n tambi\u00e9n cuenta con \u00e1reas dedicadas a la participaci\u00f3n, como la Collegiate Connection, dise\u00f1ada para poner en contacto a los estudiantes con las oportunidades postsecundarias, y Teachers\u2019 World, donde los educadores pueden descubrir recursos para el aula y programas innovadores.<\/p>\n<\/div>\n<div>Tanto si est\u00e1 reclutando futuros talentos, promocionando itinerarios educativos o mostrando productos y servicios, convertirse en expositor en la National FFA Convention &amp; Expo sit\u00faa a su organizaci\u00f3n en el centro de conexiones significativas e impacto a largo plazo. Adem\u00e1s, ofrecemos una zona dedicada al Centro Comercial, ideal para las tiendas del Oeste y los vendedores al por menor que deseen vender mercanc\u00eda directamente a los asistentes. Tenga en cuenta que la venta directa no est\u00e1 permitida en el recinto ferial. Si su organizaci\u00f3n desea vender productos, aseg\u00farese de inscribirse en el Centro Comercial.<\/div>\n<div>&nbsp;<\/div>\n<div>Si tiene alguna pregunta, env\u00ede un correo electr\u00f3nico a <a href=\"\/espanol\/expo@ffa.org\/\">expo@ffa.org<\/a>.<\/div>\n<\/div><\/div><\/div><div class=\"fusion-layout-column fusion_builder_column fusion-builder-column-1 fusion_builder_column_1_1 1_1 fusion-flex-column\" style=\"--awb-padding-right:33%;--awb-padding-left:33%;--awb-bg-size:cover;--awb-width-large:100%;--awb-margin-top-large:0px;--awb-spacing-right-large:1.92%;--awb-margin-bottom-large:0px;--awb-spacing-left-large:1.92%;--awb-width-medium:100%;--awb-spacing-right-medium:1.92%;--awb-spacing-left-medium:1.92%;--awb-width-small:100%;--awb-spacing-right-small:1.92%;--awb-spacing-left-small:1.92%;\"><div class=\"fusion-column-wrapper fusion-column-has-shadow fusion-flex-justify-content-flex-start fusion-content-layout-column\"><div style=\"text-align:center;\"><a class=\"fusion-button button-flat fusion-button-default-size button-default fusion-button-default button-1 fusion-button-span-yes fusion-button-default-type\" target=\"_blank\" rel=\"noopener noreferrer\" title=\"Plano 2025\" aria-label=\"Plano 2025\" href=\"https:\/\/ffa.ungerboeck.com\/prod\/app85.cshtml?aat=433330564239466b6850517841467a77306953305230644441705a4d7661335466413731634e48347031593d\"><span class=\"fusion-button-text awb-button__text awb-button__text--default\">2026 Expo &amp; Shopping Mall Solicitud de expositor<\/span><\/a><\/div><\/div><\/div><\/div><\/div><div class=\"fusion-fullwidth fullwidth-box fusion-builder-row-2 fusion-flex-container has-pattern-background has-mask-background nonhundred-percent-fullwidth non-hundred-percent-height-scrolling\" style=\"--awb-border-radius-top-left:0px;--awb-border-radius-top-right:0px;--awb-border-radius-bottom-right:0px;--awb-border-radius-bottom-left:0px;--awb-padding-top:30px;--awb-flex-wrap:wrap;\" ><div class=\"fusion-builder-row fusion-row fusion-flex-align-items-flex-start fusion-flex-content-wrap\" style=\"max-width:1456px;margin-left: calc(-4% \/ 2 );margin-right: calc(-4% \/ 2 );\"><div class=\"fusion-layout-column fusion_builder_column fusion-builder-column-2 fusion_builder_column_1_2 1_2 fusion-flex-column\" style=\"--awb-bg-size:cover;--awb-width-large:50%;--awb-margin-top-large:0px;--awb-spacing-right-large:3.84%;--awb-margin-bottom-large:0px;--awb-spacing-left-large:3.84%;--awb-width-medium:50%;--awb-order-medium:0;--awb-spacing-right-medium:3.84%;--awb-spacing-left-medium:3.84%;--awb-width-small:100%;--awb-order-small:0;--awb-spacing-right-small:1.92%;--awb-spacing-left-small:1.92%;\"><div class=\"fusion-column-wrapper fusion-column-has-shadow fusion-flex-justify-content-flex-start fusion-content-layout-column\"><div class=\"fusion-text fusion-text-2\" style=\"--awb-font-size:2em;--awb-text-font-family:&quot;Montserrat&quot;;--awb-text-font-style:normal;--awb-text-font-weight:700;\"><p style=\"text-align: center;\">Avance de la Expo<\/p>\n<\/div><div class=\"fusion-video fusion-vimeo\" style=\"--awb-max-width:600px;--awb-max-height:360px;--awb-align-self:center;--awb-width:100%;\"><div class=\"video-shortcode\"><div class=\"fluid-width-video-wrapper\" style=\"padding-top:60%;\" ><iframe title=\"Reproductor de v\u00eddeo Vimeo 1\" src=\"https:\/\/player.vimeo.com\/video\/1152609909?autoplay=0&amp;autopause=0\" width=\"600\" height=\"360\" allowfullscreen allow=\"autoplay; fullscreen\"><\/iframe><\/div><\/div><\/div><\/div><\/div><div class=\"fusion-layout-column fusion_builder_column fusion-builder-column-3 fusion_builder_column_1_2 1_2 fusion-flex-column\" style=\"--awb-bg-size:cover;--awb-width-large:50%;--awb-margin-top-large:0px;--awb-spacing-right-large:3.84%;--awb-margin-bottom-large:0px;--awb-spacing-left-large:3.84%;--awb-width-medium:50%;--awb-order-medium:0;--awb-spacing-right-medium:3.84%;--awb-spacing-left-medium:3.84%;--awb-width-small:100%;--awb-order-small:0;--awb-spacing-right-small:1.92%;--awb-spacing-left-small:1.92%;\"><div class=\"fusion-column-wrapper fusion-column-has-shadow fusion-flex-justify-content-flex-start fusion-content-layout-column\"><div class=\"fusion-text fusion-text-3\" style=\"--awb-font-size:2em;--awb-text-font-family:&quot;Montserrat&quot;;--awb-text-font-style:normal;--awb-text-font-weight:700;\"><p style=\"text-align: center;\">Vista previa del centro comercial<\/p>\n<\/div><div class=\"fusion-video fusion-vimeo\" style=\"--awb-max-width:600px;--awb-max-height:360px;--awb-align-self:center;--awb-width:100%;\"><div class=\"video-shortcode\"><div class=\"fluid-width-video-wrapper\" style=\"padding-top:60%;\" ><iframe title=\"Reproductor de v\u00eddeo Vimeo 2\" src=\"https:\/\/player.vimeo.com\/video\/1152609880?autoplay=0&amp;autopause=0\" width=\"600\" height=\"360\" allowfullscreen allow=\"autoplay; fullscreen\"><\/iframe><\/div><\/div><\/div><\/div><\/div><\/div><\/div><\/p>","protected":false},"excerpt":{"rendered":"","protected":false},"author":16,"featured_media":0,"parent":0,"menu_order":0,"comment_status":"closed","ping_status":"closed","template":"100-width.php","meta":{"_acf_changed":false,"footnotes":""},"class_list":["post-10083","page","type-page","status-publish","hentry"],"acf":[],"_links":{"self":[{"href":"https:\/\/convention.ffa.org\/espanol\/wp-json\/wp\/v2\/pages\/10083","targetHints":{"allow":["GET"]}}],"collection":[{"href":"https:\/\/convention.ffa.org\/espanol\/wp-json\/wp\/v2\/pages"}],"about":[{"href":"https:\/\/convention.ffa.org\/espanol\/wp-json\/wp\/v2\/types\/page"}],"author":[{"embeddable":true,"href":"https:\/\/convention.ffa.org\/espanol\/wp-json\/wp\/v2\/users\/16"}],"replies":[{"embeddable":true,"href":"https:\/\/convention.ffa.org\/espanol\/wp-json\/wp\/v2\/comments?post=10083"}],"version-history":[{"count":43,"href":"https:\/\/convention.ffa.org\/espanol\/wp-json\/wp\/v2\/pages\/10083\/revisions"}],"predecessor-version":[{"id":14745,"href":"https:\/\/convention.ffa.org\/espanol\/wp-json\/wp\/v2\/pages\/10083\/revisions\/14745"}],"wp:attachment":[{"href":"https:\/\/convention.ffa.org\/espanol\/wp-json\/wp\/v2\/media?parent=10083"}],"curies":[{"name":"wp","href":"https:\/\/api.w.org\/{rel}","templated":true}]}}